{"id":206,"date":"2016-11-23T18:52:53","date_gmt":"2016-11-23T17:52:53","guid":{"rendered":"http:\/\/lebbcomptoir.be\/?page_id=206"},"modified":"2021-07-27T09:09:36","modified_gmt":"2021-07-27T07:09:36","slug":"fabienne","status":"publish","type":"page","link":"https:\/\/lebbcomptoir.be\/index.php\/fabienne\/","title":{"rendered":"Mon histoire"},"content":{"rendered":"<section id=\"builder-section-1479922598570\" class=\"builder-section builder-section-first builder-section-text builder-section-next-text builder-text-columns-1\" style=\"background-position: center center;\">\n<div class=\"builder-section-content\">\n<div class=\"builder-text-row\">\n<div id=\"builder-section-1479922598570-column-1\" class=\"builder-text-column builder-text-column-1\">\n<div class=\"builder-text-content\">\n<p><img loading=\"lazy\" decoding=\"async\" class=\"alignnone size-full wp-image-208\" src=\"http:\/\/lebbcomptoir.be\/wp-content\/uploads\/2016\/11\/Fabienne-Maillard.jpg\" width=\"4608\" height=\"3456\" srcset=\"https:\/\/lebbcomptoir.be\/wp-content\/uploads\/2016\/11\/Fabienne-Maillard.jpg 4608w, https:\/\/lebbcomptoir.be\/wp-content\/uploads\/2016\/11\/Fabienne-Maillard-600x450.jpg 600w, https:\/\/lebbcomptoir.be\/wp-content\/uploads\/2016\/11\/Fabienne-Maillard-300x225.jpg 300w, https:\/\/lebbcomptoir.be\/wp-content\/uploads\/2016\/11\/Fabienne-Maillard-768x576.jpg 768w, https:\/\/lebbcomptoir.be\/wp-content\/uploads\/2016\/11\/Fabienne-Maillard-1024x768.jpg 1024w\" sizes=\"auto, (max-width: 4608px) 100vw, 4608px\" \/><\/p>\n<blockquote class=\"ttfmake-testimonial\"><p><em>\u00a0<span class=\"ttfmake-icon mceNonEditable fa\">\uf007<\/span> Fabienne Maillard<\/em><\/p><\/blockquote>\n<\/div>\n<\/div>\n<\/div>\n<\/div>\n<\/section>\n<section id=\"builder-section-1479923034975\" class=\"builder-section builder-section-prev-text builder-section-text builder-section-next-text builder-text-columns-1\" style=\"background-position: center center;\">\n<div class=\"builder-section-content\">\n<div class=\"builder-text-row\">\n<div id=\"builder-section-1479923034975-column-1\" class=\"builder-text-column builder-text-column-1\">\n<div class=\"builder-text-content\">\n<p style=\"text-align: justify;\">\u00c0 33 ans aujourd\u2019hui, j\u2019ai toujours \u00e9t\u00e9 sensible au respect de notre plan\u00e8te et de nous-m\u00eame, que ce soit dans l\u2019alimentation, dans l\u2019hygi\u00e8ne, la beaut\u00e9 ou dans le soin de notre int\u00e9rieur.\u00a0De plus en plus passionn\u00e9e depuis la naissance de mes enfants : manger sain et de saison, avoir un potager, se soigner de mani\u00e8re plus naturelle (hom\u00e9opathie, aromath\u00e9rapie, \u2026), vivre au contact de la nature, \u2026 ce choix de vie s\u2019est install\u00e9 comme une \u00e9vidence.\u00a0Malheureusement, je devais souvent faire beaucoup de kilom\u00e8tres pour acheter des produits bio mais aussi le moins emball\u00e9s possible, ce qui \u00e9tait finalement contradictoire avec ma d\u00e9marche \u00e9cologique.<\/p>\n<p style=\"text-align: justify;\">Dipl\u00f4m\u00e9e universitaire en Philosophie et Lettres, j\u2019ai enchain\u00e9 les m\u00e9tiers dans divers secteurs commerciaux et administratifs, PME comme plus grandes entreprises, \u00e0 divers \u00e9chelons, sans jamais parvenir \u00e0 trouver mon \u00e9quilibre. D\u00e9but 2015 est n\u00e9e dans mon esprit l\u2019id\u00e9e d\u2019ouvrir ma propre \u00e9picerie Bio proposant des produits sains en vrac ou en emballage \u00e9co-responsable, issus de circuits les plus courts possibles, respectant les producteurs (locaux et moins locaux).\u00a0Ma passion est finalement devenue mon m\u00e9tier, en alliant mon exp\u00e9rience professionnelle \u00e0 mon exp\u00e9rience de vie. Le BB Comptoir est un lieu de partage, de contact privil\u00e9gi\u00e9 avec chaque client, o\u00f9 une certaine bienveillance est refl\u00e9t\u00e9e par le choix des produits \u00ab comme si c\u2019\u00e9tait pour ma propre famille \u00bb.<\/p>\n<p style=\"text-align: center;\">\n<div id=\"ttfmake-1479989938\" class=\"ttfmake-notice\" style=\"background-color: #d2d4d6; color: #fcfafa; padding: 10px 20px; border: 2px solid #bcbcbc;\">\n<p style=\"text-align: center;\"><strong><big><cite>\u00ab\u00a0\u00c0 ce monde que tu fais&#8230;\u00a0\u00bb<\/cite><\/big><\/strong><\/p>\n<\/div>\n<\/div>\n<\/div>\n<\/div>\n<\/div>\n<\/section>\n<section id=\"builder-section-1507126538046\" class=\"builder-section builder-section-prev-text builder-section-text builder-section-next-banner builder-text-columns-1\" style=\"background-size: cover; background-repeat: no-repeat; background-position: center center;\">\n<div class=\"builder-section-content\">\n<div class=\"builder-text-row\">\n<div id=\"builder-section-1507126538046-column-1\" class=\"builder-text-column builder-text-column-1\">\n<div class=\"builder-text-content\"><\/div>\n<\/div>\n<\/div>\n<\/div>\n<\/section>\n<section id=\"builder-section-1507126881178\" class=\"builder-section  builder-section-prev-text builder-section-banner builder-section-next-text\" style=\"background-size: cover; background-position: center center;\">\n<div class=\"builder-section-content cycle-slideshow\" data-cycle-log=\"false\" data-cycle-slides=\"div.builder-banner-slide\" data-cycle-swipe=\"true\" data-cycle-timeout=\"6000\" data-cycle-fx=\"scrollHorz\">\n<div class=\"builder-banner-slide content-position-none\" style=\"background-image: url('http:\/\/lebbcomptoir.be\/wp-content\/uploads\/2016\/11\/P9220030.jpg');\">\n<div class=\"builder-banner-content\"><\/div>\n<\/div>\n<\/div>\n<\/section>\n","protected":false},"excerpt":{"rendered":"<p>\u00a0\uf007 Fabienne Maillard \u00c0 33 ans aujourd\u2019hui, j\u2019ai toujours \u00e9t\u00e9 sensible au respect de notre plan\u00e8te et de nous-m\u00eame, que ce soit dans l\u2019alimentation, dans l\u2019hygi\u00e8ne, la beaut\u00e9 ou dans le soin de notre int\u00e9rieur.\u00a0De plus en plus passionn\u00e9e depuis la naissance de mes enfants : manger sain et de saison, avoir un potager, se &hellip;<\/p>\n","protected":false},"author":2,"featured_media":0,"parent":0,"menu_order":3,"comment_status":"closed","ping_status":"closed","template":"template-builder.php","meta":{"_mi_skip_tracking":false,"footnotes":""},"class_list":["post-206","page","type-page","status-publish","hentry"],"_links":{"self":[{"href":"https:\/\/lebbcomptoir.be\/index.php\/wp-json\/wp\/v2\/pages\/206","targetHints":{"allow":["GET"]}}],"collection":[{"href":"https:\/\/lebbcomptoir.be\/index.php\/wp-json\/wp\/v2\/pages"}],"about":[{"href":"https:\/\/lebbcomptoir.be\/index.php\/wp-json\/wp\/v2\/types\/page"}],"author":[{"embeddable":true,"href":"https:\/\/lebbcomptoir.be\/index.php\/wp-json\/wp\/v2\/users\/2"}],"replies":[{"embeddable":true,"href":"https:\/\/lebbcomptoir.be\/index.php\/wp-json\/wp\/v2\/comments?post=206"}],"version-history":[{"count":12,"href":"https:\/\/lebbcomptoir.be\/index.php\/wp-json\/wp\/v2\/pages\/206\/revisions"}],"predecessor-version":[{"id":507,"href":"https:\/\/lebbcomptoir.be\/index.php\/wp-json\/wp\/v2\/pages\/206\/revisions\/507"}],"wp:attachment":[{"href":"https:\/\/lebbcomptoir.be\/index.php\/wp-json\/wp\/v2\/media?parent=206"}],"curies":[{"name":"wp","href":"https:\/\/api.w.org\/{rel}","templated":true}]}}